{"id":2536,"date":"2024-01-06T14:15:35","date_gmt":"2024-01-06T13:15:35","guid":{"rendered":"https:\/\/fratelli-roda.ch\/maerkte\/verpackungen-fuer-kosmetika-und-koerperpflegeprodukte\/"},"modified":"2024-04-08T11:28:09","modified_gmt":"2024-04-08T09:28:09","slug":"verpackungen-fuer-kosmetika-und-koerperpflegeprodukte","status":"publish","type":"page","link":"https:\/\/fratelli-roda.ch\/de\/maerkte\/verpackungen-fuer-kosmetika-und-koerperpflegeprodukte\/","title":{"rendered":"Kosmetische Produkte"},"content":{"rendered":"\t\t<div data-elementor-type=\"wp-page\" data-elementor-id=\"2536\" class=\"elementor elementor-2536 elementor-1459\" data-elementor-post-type=\"page\">\n\t\t\t\t\t\t<section class=\"elementor-section elementor-top-section elementor-element elementor-element-d9b62a2 elementor-hidden-mobile elementor-section-boxed elementor-section-height-default elementor-section-height-default wpr-particle-no wpr-jarallax-no wpr-parallax-no wpr-sticky-section-no\" data-id=\"d9b62a2\" data-element_type=\"section\" data-settings=\"{&quot;background_background&quot;:&quot;classic&quot;}\">\n\t\t\t\t\t\t\t<div class=\"elementor-background-overlay\"><\/div>\n\t\t\t\t\t\t\t<div class=\"elementor-container elementor-column-gap-default\">\n\t\t\t\t\t<div class=\"elementor-column elementor-col-100 elementor-top-column elementor-element elementor-element-2ba3d99a\" data-id=\"2ba3d99a\" data-element_type=\"column\">\n\t\t\t<div class=\"elementor-widget-wrap elementor-element-populated\">\n\t\t\t\t\t\t<div class=\"elementor-element elementor-element-d0eb56f elementor-widget__width-inherit elementor-invisible elementor-widget elementor-widget-heading\" data-id=\"d0eb56f\" data-element_type=\"widget\" data-settings=\"{&quot;_animation&quot;:&quot;fadeIn&quot;}\" data-widget_type=\"heading.default\">\n\t\t\t\t<div class=\"elementor-widget-container\">\n\t\t\t<style>\/*! elementor - v3.19.0 - 28-02-2024 *\/\n.elementor-heading-title{padding:0;margin:0;line-height:1}.elementor-widget-heading .elementor-heading-title[class*=elementor-size-]>a{color:inherit;font-size:inherit;line-height:inherit}.elementor-widget-heading .elementor-heading-title.elementor-size-small{font-size:15px}.elementor-widget-heading .elementor-heading-title.elementor-size-medium{font-size:19px}.elementor-widget-heading .elementor-heading-title.elementor-size-large{font-size:29px}.elementor-widget-heading .elementor-heading-title.elementor-size-xl{font-size:39px}.elementor-widget-heading .elementor-heading-title.elementor-size-xxl{font-size:59px}<\/style><h1 class=\"elementor-heading-title elementor-size-default\"> Kosmetische Produkte<\/h1>\t\t<\/div>\n\t\t\t\t<\/div>\n\t\t\t\t\t<\/div>\n\t\t<\/div>\n\t\t\t\t\t<\/div>\n\t\t<\/section>\n\t\t\t\t<section class=\"elementor-section elementor-top-section elementor-element elementor-element-43c8b259 elementor-section-boxed elementor-section-height-default elementor-section-height-default wpr-particle-no wpr-jarallax-no wpr-parallax-no wpr-sticky-section-no\" data-id=\"43c8b259\" data-element_type=\"section\">\n\t\t\t\t\t\t<div class=\"elementor-container elementor-column-gap-no\">\n\t\t\t\t\t<div class=\"elementor-column elementor-col-100 elementor-top-column elementor-element elementor-element-22cfe0e7\" data-id=\"22cfe0e7\" data-element_type=\"column\">\n\t\t\t<div class=\"elementor-widget-wrap elementor-element-populated\">\n\t\t\t\t\t\t<section class=\"elementor-section elementor-inner-section elementor-element elementor-element-699444a elementor-reverse-tablet elementor-reverse-mobile elementor-section-content-middle elementor-section-boxed elementor-section-height-default elementor-section-height-default wpr-particle-no wpr-jarallax-no wpr-parallax-no wpr-sticky-section-no\" data-id=\"699444a\" data-element_type=\"section\">\n\t\t\t\t\t\t<div class=\"elementor-container elementor-column-gap-no\">\n\t\t\t\t\t<div class=\"elementor-column elementor-col-50 elementor-inner-column elementor-element elementor-element-64954cae\" data-id=\"64954cae\" data-element_type=\"column\">\n\t\t\t<div class=\"elementor-widget-wrap elementor-element-populated\">\n\t\t\t\t\t\t<div class=\"elementor-element elementor-element-a559750 elementor-widget__width-inherit elementor-widget elementor-widget-heading\" data-id=\"a559750\" data-element_type=\"widget\" data-widget_type=\"heading.default\">\n\t\t\t\t<div class=\"elementor-widget-container\">\n\t\t\t<h1 class=\"elementor-heading-title elementor-size-default\">Verpackungen f\u00fcr Kosmetika und K\u00f6rperpflegeprodukte<\/h1>\t\t<\/div>\n\t\t\t\t<\/div>\n\t\t\t\t<div class=\"elementor-element elementor-element-5eb003fa elementor-widget elementor-widget-text-editor\" data-id=\"5eb003fa\" data-element_type=\"widget\" data-widget_type=\"text-editor.default\">\n\t\t\t\t<div class=\"elementor-widget-container\">\n\t\t\t<style>\/*! elementor - v3.19.0 - 28-02-2024 *\/\n.elementor-widget-text-editor.elementor-drop-cap-view-stacked .elementor-drop-cap{background-color:#69727d;color:#fff}.elementor-widget-text-editor.elementor-drop-cap-view-framed .elementor-drop-cap{color:#69727d;border:3px solid;background-color:transparent}.elementor-widget-text-editor:not(.elementor-drop-cap-view-default) .elementor-drop-cap{margin-top:8px}.elementor-widget-text-editor:not(.elementor-drop-cap-view-default) .elementor-drop-cap-letter{width:1em;height:1em}.elementor-widget-text-editor .elementor-drop-cap{float:left;text-align:center;line-height:1;font-size:50px}.elementor-widget-text-editor .elementor-drop-cap-letter{display:inline-block}<\/style>\t\t\t\t<p>In der Kosmetik- und K\u00f6rperpflegebranche ist die Verpackung ein entscheidendes Element. Neben der praktischen Funktion der Aufbewahrung spielt die \u00c4sthetik der Verpackung eine wichtige Rolle, da sie die Aufmerksamkeit auf sich zieht und die Kaufentscheidung beeinflusst. Die Verpackung von Kosmetika ist ebenso wichtig wie die Wirksamkeit ihres Inhalts.<\/p>\n\t\t\t\t\t\t<\/div>\n\t\t\t\t<\/div>\n\t\t\t\t<div class=\"elementor-element elementor-element-1f2b6b0 elementor-widget-divider--view-line elementor-invisible elementor-widget elementor-widget-divider\" data-id=\"1f2b6b0\" data-element_type=\"widget\" data-settings=\"{&quot;_animation&quot;:&quot;fadeIn&quot;}\" data-widget_type=\"divider.default\">\n\t\t\t\t<div class=\"elementor-widget-container\">\n\t\t\t<style>\/*! elementor - v3.19.0 - 28-02-2024 *\/\n.elementor-widget-divider{--divider-border-style:none;--divider-border-width:1px;--divider-color:#0c0d0e;--divider-icon-size:20px;--divider-element-spacing:10px;--divider-pattern-height:24px;--divider-pattern-size:20px;--divider-pattern-url:none;--divider-pattern-repeat:repeat-x}.elementor-widget-divider .elementor-divider{display:flex}.elementor-widget-divider .elementor-divider__text{font-size:15px;line-height:1;max-width:95%}.elementor-widget-divider .elementor-divider__element{margin:0 var(--divider-element-spacing);flex-shrink:0}.elementor-widget-divider .elementor-icon{font-size:var(--divider-icon-size)}.elementor-widget-divider .elementor-divider-separator{display:flex;margin:0;direction:ltr}.elementor-widget-divider--view-line_icon .elementor-divider-separator,.elementor-widget-divider--view-line_text .elementor-divider-separator{align-items:center}.elementor-widget-divider--view-line_icon .elementor-divider-separator:after,.elementor-widget-divider--view-line_icon .elementor-divider-separator:before,.elementor-widget-divider--view-line_text .elementor-divider-separator:after,.elementor-widget-divider--view-line_text .elementor-divider-separator:before{display:block;content:\"\";border-block-end:0;flex-grow:1;border-block-start:var(--divider-border-width) var(--divider-border-style) var(--divider-color)}.elementor-widget-divider--element-align-left .elementor-divider .elementor-divider-separator>.elementor-divider__svg:first-of-type{flex-grow:0;flex-shrink:100}.elementor-widget-divider--element-align-left .elementor-divider-separator:before{content:none}.elementor-widget-divider--element-align-left .elementor-divider__element{margin-left:0}.elementor-widget-divider--element-align-right .elementor-divider .elementor-divider-separator>.elementor-divider__svg:last-of-type{flex-grow:0;flex-shrink:100}.elementor-widget-divider--element-align-right .elementor-divider-separator:after{content:none}.elementor-widget-divider--element-align-right .elementor-divider__element{margin-right:0}.elementor-widget-divider--element-align-start .elementor-divider .elementor-divider-separator>.elementor-divider__svg:first-of-type{flex-grow:0;flex-shrink:100}.elementor-widget-divider--element-align-start .elementor-divider-separator:before{content:none}.elementor-widget-divider--element-align-start .elementor-divider__element{margin-inline-start:0}.elementor-widget-divider--element-align-end .elementor-divider .elementor-divider-separator>.elementor-divider__svg:last-of-type{flex-grow:0;flex-shrink:100}.elementor-widget-divider--element-align-end .elementor-divider-separator:after{content:none}.elementor-widget-divider--element-align-end .elementor-divider__element{margin-inline-end:0}.elementor-widget-divider:not(.elementor-widget-divider--view-line_text):not(.elementor-widget-divider--view-line_icon) .elementor-divider-separator{border-block-start:var(--divider-border-width) var(--divider-border-style) var(--divider-color)}.elementor-widget-divider--separator-type-pattern{--divider-border-style:none}.elementor-widget-divider--separator-type-pattern.elementor-widget-divider--view-line .elementor-divider-separator,.elementor-widget-divider--separator-type-pattern:not(.elementor-widget-divider--view-line) .elementor-divider-separator:after,.elementor-widget-divider--separator-type-pattern:not(.elementor-widget-divider--view-line) .elementor-divider-separator:before,.elementor-widget-divider--separator-type-pattern:not([class*=elementor-widget-divider--view]) .elementor-divider-separator{width:100%;min-height:var(--divider-pattern-height);-webkit-mask-size:var(--divider-pattern-size) 100%;mask-size:var(--divider-pattern-size) 100%;-webkit-mask-repeat:var(--divider-pattern-repeat);mask-repeat:var(--divider-pattern-repeat);background-color:var(--divider-color);-webkit-mask-image:var(--divider-pattern-url);mask-image:var(--divider-pattern-url)}.elementor-widget-divider--no-spacing{--divider-pattern-size:auto}.elementor-widget-divider--bg-round{--divider-pattern-repeat:round}.rtl .elementor-widget-divider .elementor-divider__text{direction:rtl}.e-con-inner>.elementor-widget-divider,.e-con>.elementor-widget-divider{width:var(--container-widget-width,100%);--flex-grow:var(--container-widget-flex-grow)}<\/style>\t\t<div class=\"elementor-divider\">\n\t\t\t<span class=\"elementor-divider-separator\">\n\t\t\t\t\t\t<\/span>\n\t\t<\/div>\n\t\t\t\t<\/div>\n\t\t\t\t<\/div>\n\t\t\t\t\t<\/div>\n\t\t<\/div>\n\t\t\t\t<div class=\"elementor-column elementor-col-50 elementor-inner-column elementor-element elementor-element-681869e1\" data-id=\"681869e1\" data-element_type=\"column\">\n\t\t\t<div class=\"elementor-widget-wrap elementor-element-populated\">\n\t\t\t\t\t\t<div class=\"elementor-element elementor-element-5949ed14 elementor-widget elementor-widget-image\" data-id=\"5949ed14\" data-element_type=\"widget\" data-widget_type=\"image.default\">\n\t\t\t\t<div class=\"elementor-widget-container\">\n\t\t\t<style>\/*! elementor - v3.19.0 - 28-02-2024 *\/\n.elementor-widget-image{text-align:center}.elementor-widget-image a{display:inline-block}.elementor-widget-image a img[src$=\".svg\"]{width:48px}.elementor-widget-image img{vertical-align:middle;display:inline-block}<\/style>\t\t\t\t\t\t\t\t\t\t<img fetchpriority=\"high\" decoding=\"async\" width=\"2560\" height=\"1708\" src=\"https:\/\/fratelli-roda.ch\/wp-content\/uploads\/2024\/01\/cosmetici-1-scaled.webp\" class=\"elementor-animation-grow attachment-full size-full wp-image-2136\" alt=\"\" srcset=\"https:\/\/fratelli-roda.ch\/wp-content\/uploads\/2024\/01\/cosmetici-1-scaled.webp 2560w, https:\/\/fratelli-roda.ch\/wp-content\/uploads\/2024\/01\/cosmetici-1-300x200.webp 300w, https:\/\/fratelli-roda.ch\/wp-content\/uploads\/2024\/01\/cosmetici-1-1024x683.webp 1024w, https:\/\/fratelli-roda.ch\/wp-content\/uploads\/2024\/01\/cosmetici-1-768x512.webp 768w, https:\/\/fratelli-roda.ch\/wp-content\/uploads\/2024\/01\/cosmetici-1-1536x1025.webp 1536w, https:\/\/fratelli-roda.ch\/wp-content\/uploads\/2024\/01\/cosmetici-1-2048x1366.webp 2048w\" sizes=\"(max-width: 2560px) 100vw, 2560px\" \/>\t\t\t\t\t\t\t\t\t\t\t\t\t<\/div>\n\t\t\t\t<\/div>\n\t\t\t\t\t<\/div>\n\t\t<\/div>\n\t\t\t\t\t<\/div>\n\t\t<\/section>\n\t\t\t\t\t<\/div>\n\t\t<\/div>\n\t\t\t\t\t<\/div>\n\t\t<\/section>\n\t\t\t\t<section class=\"elementor-section elementor-top-section elementor-element elementor-element-f620e43 elementor-section-content-middle elementor-section-boxed elementor-section-height-default elementor-section-height-default wpr-particle-no wpr-jarallax-no wpr-parallax-no wpr-sticky-section-no\" data-id=\"f620e43\" data-element_type=\"section\" data-settings=\"{&quot;background_background&quot;:&quot;classic&quot;}\">\n\t\t\t\t\t\t\t<div class=\"elementor-background-overlay\"><\/div>\n\t\t\t\t\t\t\t<div class=\"elementor-container elementor-column-gap-no\">\n\t\t\t\t\t<div class=\"elementor-column elementor-col-50 elementor-top-column elementor-element elementor-element-79b3e903\" data-id=\"79b3e903\" data-element_type=\"column\">\n\t\t\t<div class=\"elementor-widget-wrap elementor-element-populated\">\n\t\t\t\t\t\t<div class=\"elementor-element elementor-element-2866a32 elementor-widget elementor-widget-image\" data-id=\"2866a32\" data-element_type=\"widget\" data-widget_type=\"image.default\">\n\t\t\t\t<div class=\"elementor-widget-container\">\n\t\t\t\t\t\t\t\t\t\t\t\t\t<img decoding=\"async\" width=\"1000\" height=\"1000\" src=\"https:\/\/fratelli-roda.ch\/wp-content\/uploads\/2024\/01\/mockup-7.webp\" class=\"elementor-animation-grow attachment-full size-full wp-image-2198\" alt=\"\" srcset=\"https:\/\/fratelli-roda.ch\/wp-content\/uploads\/2024\/01\/mockup-7.webp 1000w, https:\/\/fratelli-roda.ch\/wp-content\/uploads\/2024\/01\/mockup-7-300x300.webp 300w, https:\/\/fratelli-roda.ch\/wp-content\/uploads\/2024\/01\/mockup-7-150x150.webp 150w, https:\/\/fratelli-roda.ch\/wp-content\/uploads\/2024\/01\/mockup-7-768x768.webp 768w\" sizes=\"(max-width: 1000px) 100vw, 1000px\" \/>\t\t\t\t\t\t\t\t\t\t\t\t\t<\/div>\n\t\t\t\t<\/div>\n\t\t\t\t\t<\/div>\n\t\t<\/div>\n\t\t\t\t<div class=\"elementor-column elementor-col-50 elementor-top-column elementor-element elementor-element-4fbfb814\" data-id=\"4fbfb814\" data-element_type=\"column\">\n\t\t\t<div class=\"elementor-widget-wrap elementor-element-populated\">\n\t\t\t\t\t\t<div class=\"elementor-element elementor-element-a495189 elementor-widget__width-inherit elementor-widget elementor-widget-heading\" data-id=\"a495189\" data-element_type=\"widget\" data-widget_type=\"heading.default\">\n\t\t\t\t<div class=\"elementor-widget-container\">\n\t\t\t<h1 class=\"elementor-heading-title elementor-size-default\">Ma\u00dfgeschneiderte L\u00f6sungen<\/h1>\t\t<\/div>\n\t\t\t\t<\/div>\n\t\t\t\t<div class=\"elementor-element elementor-element-75003b05 elementor-widget elementor-widget-text-editor\" data-id=\"75003b05\" data-element_type=\"widget\" data-widget_type=\"text-editor.default\">\n\t\t\t\t<div class=\"elementor-widget-container\">\n\t\t\t\t\t\t\t<p>Bei Fratelli Roda setzen wir unsere ganze Leidenschaft und unser Engagement ein, um ma\u00dfgeschneiderte L\u00f6sungen zu entwickeln, die den einzigartigen und exklusiven Anforderungen der Kosmetik- und K\u00f6rperpflegebranche gerecht werden. Neben dem Bedarf an Funktionalit\u00e4t und Schutz wollen wir durch den Einsatz innovativer Techniken und Materialien ein au\u00dfergew\u00f6hnliches visuelles Erlebnis schaffen:<\/p>\n\t\t\t\t\t\t<\/div>\n\t\t\t\t<\/div>\n\t\t\t\t<div class=\"elementor-element elementor-element-f5c00f0 elementor-icon-list--layout-traditional elementor-list-item-link-full_width elementor-widget elementor-widget-icon-list\" data-id=\"f5c00f0\" data-element_type=\"widget\" data-widget_type=\"icon-list.default\">\n\t\t\t\t<div class=\"elementor-widget-container\">\n\t\t\t<link rel=\"stylesheet\" href=\"https:\/\/fratelli-roda.ch\/wp-content\/plugins\/elementor\/assets\/css\/widget-icon-list.min.css\">\t\t<ul class=\"elementor-icon-list-items\">\n\t\t\t\t\t\t\t<li class=\"elementor-icon-list-item\">\n\t\t\t\t\t\t\t\t\t\t\t<span class=\"elementor-icon-list-icon\">\n\t\t\t\t\t\t\t<svg aria-hidden=\"true\" class=\"e-font-icon-svg e-fas-circle\" viewBox=\"0 0 512 512\" xmlns=\"http:\/\/www.w3.org\/2000\/svg\"><path d=\"M256 8C119 8 8 119 8 256s111 248 248 248 248-111 248-248S393 8 256 8z\"><\/path><\/svg>\t\t\t\t\t\t<\/span>\n\t\t\t\t\t\t\t\t\t\t<span class=\"elementor-icon-list-text\">Druck mit UV-Farben f\u00fcr lebendige, lang anhaltende Farben, die der Verpackung ein unverwechselbares Aussehen verleihen.<\/span>\n\t\t\t\t\t\t\t\t\t<\/li>\n\t\t\t\t\t\t\t\t<li class=\"elementor-icon-list-item\">\n\t\t\t\t\t\t\t\t\t\t\t<span class=\"elementor-icon-list-icon\">\n\t\t\t\t\t\t\t<svg aria-hidden=\"true\" class=\"e-font-icon-svg e-fas-circle\" viewBox=\"0 0 512 512\" xmlns=\"http:\/\/www.w3.org\/2000\/svg\"><path d=\"M256 8C119 8 8 119 8 256s111 248 248 248 248-111 248-248S393 8 256 8z\"><\/path><\/svg>\t\t\t\t\t\t<\/span>\n\t\t\t\t\t\t\t\t\t\t<span class=\"elementor-icon-list-text\">Pr\u00e4gung in Hoch- und Tiefrelief, um Textur und taktile Details hinzuzuf\u00fcgen, die den Wert des Produkts unterstreichen.<\/span>\n\t\t\t\t\t\t\t\t\t<\/li>\n\t\t\t\t\t\t\t\t<li class=\"elementor-icon-list-item\">\n\t\t\t\t\t\t\t\t\t\t\t<span class=\"elementor-icon-list-icon\">\n\t\t\t\t\t\t\t<svg aria-hidden=\"true\" class=\"e-font-icon-svg e-fas-circle\" viewBox=\"0 0 512 512\" xmlns=\"http:\/\/www.w3.org\/2000\/svg\"><path d=\"M256 8C119 8 8 119 8 256s111 248 248 248 248-111 248-248S393 8 256 8z\"><\/path><\/svg>\t\t\t\t\t\t<\/span>\n\t\t\t\t\t\t\t\t\t\t<span class=\"elementor-icon-list-text\">Laminieren f\u00fcr eine gl\u00e4nzende, matte oder weiche Oberfl\u00e4che, die nicht nur f\u00fcr Schutz, sondern auch f\u00fcr Luxus steht.<\/span>\n\t\t\t\t\t\t\t\t\t<\/li>\n\t\t\t\t\t\t\t\t<li class=\"elementor-icon-list-item\">\n\t\t\t\t\t\t\t\t\t\t\t<span class=\"elementor-icon-list-icon\">\n\t\t\t\t\t\t\t<svg aria-hidden=\"true\" class=\"e-font-icon-svg e-fas-circle\" viewBox=\"0 0 512 512\" xmlns=\"http:\/\/www.w3.org\/2000\/svg\"><path d=\"M256 8C119 8 8 119 8 256s111 248 248 248 248-111 248-248S393 8 256 8z\"><\/path><\/svg>\t\t\t\t\t\t<\/span>\n\t\t\t\t\t\t\t\t\t\t<span class=\"elementor-icon-list-text\">Hei\u00df- und Kaltdruck, f\u00fcr metallische oder reflektierende Details, die ins Auge fallen und Prestige verleihen.<\/span>\n\t\t\t\t\t\t\t\t\t<\/li>\n\t\t\t\t\t\t\t\t<li class=\"elementor-icon-list-item\">\n\t\t\t\t\t\t\t\t\t\t\t<span class=\"elementor-icon-list-icon\">\n\t\t\t\t\t\t\t<svg aria-hidden=\"true\" class=\"e-font-icon-svg e-fas-circle\" viewBox=\"0 0 512 512\" xmlns=\"http:\/\/www.w3.org\/2000\/svg\"><path d=\"M256 8C119 8 8 119 8 256s111 248 248 248 248-111 248-248S393 8 256 8z\"><\/path><\/svg>\t\t\t\t\t\t<\/span>\n\t\t\t\t\t\t\t\t\t\t<span class=\"elementor-icon-list-text\">Verwendung von Speziallacken und -farben f\u00fcr einzigartige Effekte, wie z. B. irisierende oder fluoreszierende Veredelungen, die das Aussehen der Schachtel aufwerten.<\/span>\n\t\t\t\t\t\t\t\t\t<\/li>\n\t\t\t\t\t\t<\/ul>\n\t\t\t\t<\/div>\n\t\t\t\t<\/div>\n\t\t\t\t\t<\/div>\n\t\t<\/div>\n\t\t\t\t\t<\/div>\n\t\t<\/section>\n\t\t\t\t<section class=\"elementor-section elementor-top-section elementor-element elementor-element-180a3f1 elementor-section-boxed elementor-section-height-default elementor-section-height-default wpr-particle-no wpr-jarallax-no wpr-parallax-no wpr-sticky-section-no\" data-id=\"180a3f1\" data-element_type=\"section\">\n\t\t\t\t\t\t<div class=\"elementor-container elementor-column-gap-no\">\n\t\t\t\t\t<div class=\"elementor-column elementor-col-100 elementor-top-column elementor-element elementor-element-aab4ae5\" data-id=\"aab4ae5\" data-element_type=\"column\">\n\t\t\t<div class=\"elementor-widget-wrap elementor-element-populated\">\n\t\t\t\t\t\t<section class=\"elementor-section elementor-inner-section elementor-element elementor-element-1190b54 elementor-reverse-tablet elementor-reverse-mobile elementor-section-content-middle elementor-section-boxed elementor-section-height-default elementor-section-height-default wpr-particle-no wpr-jarallax-no wpr-parallax-no wpr-sticky-section-no\" data-id=\"1190b54\" data-element_type=\"section\">\n\t\t\t\t\t\t<div class=\"elementor-container elementor-column-gap-no\">\n\t\t\t\t\t<div class=\"elementor-column elementor-col-50 elementor-inner-column elementor-element elementor-element-7386a79\" data-id=\"7386a79\" data-element_type=\"column\">\n\t\t\t<div class=\"elementor-widget-wrap elementor-element-populated\">\n\t\t\t\t\t\t<div class=\"elementor-element elementor-element-55e8e581 elementor-widget elementor-widget-text-editor\" data-id=\"55e8e581\" data-element_type=\"widget\" data-widget_type=\"text-editor.default\">\n\t\t\t\t<div class=\"elementor-widget-container\">\n\t\t\t\t\t\t\t<p>Wir sind der festen \u00dcberzeugung, dass die Verpackung hochwertiger kosmetischer Produkte nicht nur eine H\u00fclle ist, sondern das Schaufenster des Produkts selbst, ein echter Ausdruck von Markenwert und Identit\u00e4t. Neben der Gew\u00e4hrleistung von Sicherheit und Funktionalit\u00e4t streben wir danach, die Verpackung zu einem greifbaren Zeugnis der Qualit\u00e4t des Produkts zu machen, das sie enth\u00e4lt.<\/p>\n<p>Il nostro approccio all\u2019imballaggio per prodotti cosmetici non \u00e8 solo estetico ma mira a creare un\u2019esperienza d\u2019acquisto memorabile e coinvolgente per il consumatore. La cura nei dettagli, la precisione nella scelta dei materiali e l\u2019attenzione costante alle tendenze di settore ci consentono di offrire soluzioni che si distinguono nel mercato competitivo della cosmetica.<\/p>\n\t\t\t\t\t\t<\/div>\n\t\t\t\t<\/div>\n\t\t\t\t<div class=\"elementor-element elementor-element-61a5fe1 elementor-widget-divider--view-line elementor-invisible elementor-widget elementor-widget-divider\" data-id=\"61a5fe1\" data-element_type=\"widget\" data-settings=\"{&quot;_animation&quot;:&quot;fadeIn&quot;}\" data-widget_type=\"divider.default\">\n\t\t\t\t<div class=\"elementor-widget-container\">\n\t\t\t\t\t<div class=\"elementor-divider\">\n\t\t\t<span class=\"elementor-divider-separator\">\n\t\t\t\t\t\t<\/span>\n\t\t<\/div>\n\t\t\t\t<\/div>\n\t\t\t\t<\/div>\n\t\t\t\t\t<\/div>\n\t\t<\/div>\n\t\t\t\t<div class=\"elementor-column elementor-col-50 elementor-inner-column elementor-element elementor-element-ab9e0ce\" data-id=\"ab9e0ce\" data-element_type=\"column\">\n\t\t\t<div class=\"elementor-widget-wrap elementor-element-populated\">\n\t\t\t\t\t\t<div class=\"elementor-element elementor-element-578ce93 elementor-widget elementor-widget-image\" data-id=\"578ce93\" data-element_type=\"widget\" data-widget_type=\"image.default\">\n\t\t\t\t<div class=\"elementor-widget-container\">\n\t\t\t\t\t\t\t\t\t\t\t\t\t<img decoding=\"async\" width=\"1024\" height=\"681\" src=\"https:\/\/fratelli-roda.ch\/wp-content\/uploads\/2024\/01\/sicurezza.webp\" class=\"elementor-animation-grow attachment-full size-full wp-image-2123\" alt=\"\" srcset=\"https:\/\/fratelli-roda.ch\/wp-content\/uploads\/2024\/01\/sicurezza.webp 1024w, https:\/\/fratelli-roda.ch\/wp-content\/uploads\/2024\/01\/sicurezza-300x200.webp 300w, https:\/\/fratelli-roda.ch\/wp-content\/uploads\/2024\/01\/sicurezza-768x511.webp 768w\" sizes=\"(max-width: 1024px) 100vw, 1024px\" \/>\t\t\t\t\t\t\t\t\t\t\t\t\t<\/div>\n\t\t\t\t<\/div>\n\t\t\t\t\t<\/div>\n\t\t<\/div>\n\t\t\t\t\t<\/div>\n\t\t<\/section>\n\t\t\t\t\t<\/div>\n\t\t<\/div>\n\t\t\t\t\t<\/div>\n\t\t<\/section>\n\t\t\t\t<section class=\"elementor-section elementor-top-section elementor-element elementor-element-1d11588d elementor-section-boxed elementor-section-height-default elementor-section-height-default wpr-particle-no wpr-jarallax-no wpr-parallax-no wpr-sticky-section-no\" data-id=\"1d11588d\" data-element_type=\"section\">\n\t\t\t\t\t\t<div class=\"elementor-container elementor-column-gap-no\">\n\t\t\t\t\t<div class=\"elementor-column elementor-col-50 elementor-top-column elementor-element elementor-element-74e57e07\" data-id=\"74e57e07\" data-element_type=\"column\">\n\t\t\t<div class=\"elementor-widget-wrap elementor-element-populated\">\n\t\t\t\t\t\t<div class=\"elementor-element elementor-element-66f9332 elementor-widget__width-inherit elementor-widget elementor-widget-heading\" data-id=\"66f9332\" data-element_type=\"widget\" data-widget_type=\"heading.default\">\n\t\t\t\t<div class=\"elementor-widget-container\">\n\t\t\t<h1 class=\"elementor-heading-title elementor-size-default\">Kosmetische Verpackungen, die Qualit\u00e4t widerspiegeln<\/h1>\t\t<\/div>\n\t\t\t\t<\/div>\n\t\t\t\t<div class=\"elementor-element elementor-element-ea6f8e3 elementor-widget elementor-widget-text-editor\" data-id=\"ea6f8e3\" data-element_type=\"widget\" data-widget_type=\"text-editor.default\">\n\t\t\t\t<div class=\"elementor-widget-container\">\n\t\t\t\t\t\t\t<p>Bei der Gestaltung unserer Kosmetikverpackungen arbeiten wir mit Ihnen zusammen, um ein ma\u00dfgeschneidertes Produkt zu entwickeln, das nicht nur die Sch\u00f6nheit des Inhalts unterstreicht und von seiner Qualit\u00e4t zeugt, sondern auch die Geschichte Ihrer Marke erz\u00e4hlt, damit Sie sich von der Konkurrenz abheben und das Vertrauen Ihrer Kunden gewinnen.<\/p>\n<p><strong>Wertvolle Verpackungen werten Ihr Produkt auf.<\/strong><\/p>\n\t\t\t\t\t\t<\/div>\n\t\t\t\t<\/div>\n\t\t\t\t<div class=\"elementor-element elementor-element-9a7093a elementor-align-left elementor-icon-list--layout-traditional elementor-list-item-link-full_width elementor-invisible elementor-widget elementor-widget-icon-list\" data-id=\"9a7093a\" data-element_type=\"widget\" data-settings=\"{&quot;_animation&quot;:&quot;fadeIn&quot;}\" data-widget_type=\"icon-list.default\">\n\t\t\t\t<div class=\"elementor-widget-container\">\n\t\t\t\t\t<ul class=\"elementor-icon-list-items\">\n\t\t\t\t\t\t\t<li class=\"elementor-icon-list-item\">\n\t\t\t\t\t\t\t\t\t\t\t<a href=\"https:\/\/fratelli-roda.ch\/de\/kontakt\/\">\n\n\t\t\t\t\t\t\t\t\t\t\t<span class=\"elementor-icon-list-text\">Nehmen Sie noch heute Kontakt mit uns auf, um Ihren Bedarf an Kosmetik und K\u00f6rperpflege zu besprechen.<\/span>\n\t\t\t\t\t\t\t\t\t\t\t<\/a>\n\t\t\t\t\t\t\t\t\t<\/li>\n\t\t\t\t\t\t<\/ul>\n\t\t\t\t<\/div>\n\t\t\t\t<\/div>\n\t\t\t\t<div class=\"elementor-element elementor-element-6ad20758 elementor-widget-divider--view-line elementor-invisible elementor-widget elementor-widget-divider\" data-id=\"6ad20758\" data-element_type=\"widget\" data-settings=\"{&quot;_animation&quot;:&quot;fadeIn&quot;}\" data-widget_type=\"divider.default\">\n\t\t\t\t<div class=\"elementor-widget-container\">\n\t\t\t\t\t<div class=\"elementor-divider\">\n\t\t\t<span class=\"elementor-divider-separator\">\n\t\t\t\t\t\t<\/span>\n\t\t<\/div>\n\t\t\t\t<\/div>\n\t\t\t\t<\/div>\n\t\t\t\t\t<\/div>\n\t\t<\/div>\n\t\t\t\t<div class=\"elementor-column elementor-col-50 elementor-top-column elementor-element elementor-element-5c04534e\" data-id=\"5c04534e\" data-element_type=\"column\">\n\t\t\t<div class=\"elementor-widget-wrap elementor-element-populated\">\n\t\t\t\t\t\t<div class=\"elementor-element elementor-element-2a27f6e0 elementor-widget elementor-widget-image\" data-id=\"2a27f6e0\" data-element_type=\"widget\" data-widget_type=\"image.default\">\n\t\t\t\t<div class=\"elementor-widget-container\">\n\t\t\t\t\t\t\t\t\t\t\t\t\t<img loading=\"lazy\" decoding=\"async\" width=\"1024\" height=\"681\" src=\"https:\/\/fratelli-roda.ch\/wp-content\/uploads\/2024\/01\/KBA142_mid.webp\" class=\"attachment-full size-full wp-image-1503\" alt=\"\" srcset=\"https:\/\/fratelli-roda.ch\/wp-content\/uploads\/2024\/01\/KBA142_mid.webp 1024w, https:\/\/fratelli-roda.ch\/wp-content\/uploads\/2024\/01\/KBA142_mid-300x200.webp 300w, https:\/\/fratelli-roda.ch\/wp-content\/uploads\/2024\/01\/KBA142_mid-768x511.webp 768w\" sizes=\"(max-width: 1024px) 100vw, 1024px\" \/>\t\t\t\t\t\t\t\t\t\t\t\t\t<\/div>\n\t\t\t\t<\/div>\n\t\t\t\t<div class=\"elementor-element elementor-element-372b034c elementor-widget__width-initial elementor-widget-tablet__width-initial elementor-widget-mobile__width-initial elementor-invisible elementor-widget elementor-widget-image\" data-id=\"372b034c\" data-element_type=\"widget\" data-settings=\"{&quot;_animation&quot;:&quot;fadeInRight&quot;}\" data-widget_type=\"image.default\">\n\t\t\t\t<div class=\"elementor-widget-container\">\n\t\t\t\t\t\t\t\t\t\t\t\t\t<img loading=\"lazy\" decoding=\"async\" width=\"1731\" height=\"1027\" src=\"https:\/\/fratelli-roda.ch\/wp-content\/uploads\/2024\/01\/azienda-sole.webp\" class=\"attachment-full size-full wp-image-2094\" alt=\"\" srcset=\"https:\/\/fratelli-roda.ch\/wp-content\/uploads\/2024\/01\/azienda-sole.webp 1731w, https:\/\/fratelli-roda.ch\/wp-content\/uploads\/2024\/01\/azienda-sole-300x178.webp 300w, https:\/\/fratelli-roda.ch\/wp-content\/uploads\/2024\/01\/azienda-sole-1024x608.webp 1024w, https:\/\/fratelli-roda.ch\/wp-content\/uploads\/2024\/01\/azienda-sole-768x456.webp 768w, https:\/\/fratelli-roda.ch\/wp-content\/uploads\/2024\/01\/azienda-sole-1536x911.webp 1536w\" sizes=\"(max-width: 1731px) 100vw, 1731px\" \/>\t\t\t\t\t\t\t\t\t\t\t\t\t<\/div>\n\t\t\t\t<\/div>\n\t\t\t\t\t<\/div>\n\t\t<\/div>\n\t\t\t\t\t<\/div>\n\t\t<\/section>\n\t\t\t\t<\/div>\n\t\t","protected":false},"excerpt":{"rendered":"<p>Kosmetische Produkte Verpackungen f\u00fcr Kosmetika und K\u00f6rperpflegeprodukte In der Kosmetik- und K\u00f6rperpflegebranche ist die Verpackung ein entscheidendes Element. Neben der praktischen Funktion der Aufbewahrung spielt die \u00c4sthetik der Verpackung eine wichtige Rolle, da sie die Aufmerksamkeit auf sich zieht und die Kaufentscheidung beeinflusst. Die Verpackung von Kosmetika ist ebenso wichtig wie die Wirksamkeit ihres Inhalts. Ma\u00dfgeschneiderte L\u00f6sungen Bei Fratelli Roda setzen wir unsere ganze Leidenschaft und unser Engagement ein, um ma\u00dfgeschneiderte L\u00f6sungen zu entwickeln, die den einzigartigen und exklusiven Anforderungen der Kosmetik- und K\u00f6rperpflegebranche gerecht werden. Neben dem Bedarf an Funktionalit\u00e4t und Schutz wollen wir durch den Einsatz innovativer Techniken und Materialien ein au\u00dfergew\u00f6hnliches visuelles Erlebnis schaffen: Druck mit UV-Farben f\u00fcr lebendige, lang anhaltende Farben, die der Verpackung ein unverwechselbares Aussehen verleihen. Pr\u00e4gung in Hoch- und Tiefrelief, um Textur und taktile Details hinzuzuf\u00fcgen, die den Wert des Produkts unterstreichen. Laminieren f\u00fcr eine gl\u00e4nzende, matte oder weiche Oberfl\u00e4che, die nicht nur f\u00fcr Schutz, sondern auch f\u00fcr Luxus steht. Hei\u00df- und Kaltdruck, f\u00fcr metallische oder reflektierende Details, die ins Auge fallen und Prestige verleihen. Verwendung von Speziallacken und -farben f\u00fcr einzigartige Effekte, wie z. B. irisierende oder fluoreszierende Veredelungen, die das Aussehen der Schachtel aufwerten. Wir sind der festen \u00dcberzeugung, dass die Verpackung hochwertiger kosmetischer Produkte nicht nur eine H\u00fclle ist, sondern das Schaufenster des Produkts selbst, ein echter Ausdruck von Markenwert und Identit\u00e4t. Neben der Gew\u00e4hrleistung von Sicherheit und Funktionalit\u00e4t streben wir danach, die Verpackung zu einem greifbaren Zeugnis der Qualit\u00e4t des Produkts zu machen, das sie enth\u00e4lt. Il nostro approccio all\u2019imballaggio per prodotti cosmetici non \u00e8 solo estetico ma mira a creare un\u2019esperienza d\u2019acquisto memorabile e coinvolgente per il consumatore. La cura nei dettagli, la precisione nella scelta dei materiali e l\u2019attenzione costante alle tendenze di settore ci consentono di offrire soluzioni che si distinguono nel mercato competitivo della cosmetica. Kosmetische Verpackungen, die Qualit\u00e4t widerspiegeln Bei der Gestaltung unserer Kosmetikverpackungen arbeiten wir mit Ihnen zusammen, um ein ma\u00dfgeschneidertes Produkt zu entwickeln, das nicht nur die Sch\u00f6nheit des Inhalts unterstreicht und von seiner Qualit\u00e4t zeugt, sondern auch die Geschichte Ihrer Marke erz\u00e4hlt, damit Sie sich von der Konkurrenz abheben und das Vertrauen Ihrer Kunden gewinnen. Wertvolle Verpackungen werten Ihr Produkt auf. Nehmen Sie noch heute Kontakt mit uns auf, um Ihren Bedarf an Kosmetik und K\u00f6rperpflege zu besprechen.<\/p>\n","protected":false},"author":1,"featured_media":0,"parent":2509,"menu_order":0,"comment_status":"closed","ping_status":"closed","template":"","meta":{"_acf_changed":false,"footnotes":""},"class_list":["post-2536","page","type-page","status-publish","hentry"],"acf":[],"_links":{"self":[{"href":"https:\/\/fratelli-roda.ch\/de\/wp-json\/wp\/v2\/pages\/2536","targetHints":{"allow":["GET"]}}],"collection":[{"href":"https:\/\/fratelli-roda.ch\/de\/wp-json\/wp\/v2\/pages"}],"about":[{"href":"https:\/\/fratelli-roda.ch\/de\/wp-json\/wp\/v2\/types\/page"}],"author":[{"embeddable":true,"href":"https:\/\/fratelli-roda.ch\/de\/wp-json\/wp\/v2\/users\/1"}],"replies":[{"embeddable":true,"href":"https:\/\/fratelli-roda.ch\/de\/wp-json\/wp\/v2\/comments?post=2536"}],"version-history":[{"count":6,"href":"https:\/\/fratelli-roda.ch\/de\/wp-json\/wp\/v2\/pages\/2536\/revisions"}],"predecessor-version":[{"id":2880,"href":"https:\/\/fratelli-roda.ch\/de\/wp-json\/wp\/v2\/pages\/2536\/revisions\/2880"}],"up":[{"embeddable":true,"href":"https:\/\/fratelli-roda.ch\/de\/wp-json\/wp\/v2\/pages\/2509"}],"wp:attachment":[{"href":"https:\/\/fratelli-roda.ch\/de\/wp-json\/wp\/v2\/media?parent=2536"}],"curies":[{"name":"wp","href":"https:\/\/api.w.org\/{rel}","templated":true}]}}